{"id":177,"date":"2024-05-08T14:20:59","date_gmt":"2024-05-08T18:20:59","guid":{"rendered":"https:\/\/saintjude.swlauriersb.qc.ca\/our-school-about-us\/"},"modified":"2024-05-29T08:59:46","modified_gmt":"2024-05-29T12:59:46","slug":"notre-ecole-a-propos","status":"publish","type":"page","link":"https:\/\/saintjude.swlauriersb.qc.ca\/fr\/notre-ecole-a-propos\/","title":{"rendered":"Notre \u00e9cole \/ \u00e0 propos"},"content":{"rendered":"\n<h2 class=\"wp-block-heading\">Qui sommes-nous<\/h2>\n\n\n\n<p>Notre vision est que tous nos \u00e9l\u00e8ves apprendront mieux dans un environnement compatissant, entour\u00e9 de personnes honn\u00eates et attentionn\u00e9es qui encouragent la pers\u00e9v\u00e9rance.<\/p>\n\n\n\n<p>L\u2019\u00e9cole primaire Saint-Jude est un joyau vivant nich\u00e9 dans l\u2019agr\u00e9able quartier en bord de lac de Deux-Montagnes, o\u00f9 les \u00e9l\u00e8ves grandissent et prosp\u00e8rent.<\/p>\n\n\n\n<p>Avec un personnel compos\u00e9 d\u2019enseignants, d\u2019\u00e9ducateurs en service de garde, de techniciens en \u00e9ducation sp\u00e9cialis\u00e9e et d\u2019aides \u00e0 l\u2019int\u00e9gration, l\u2019\u00e9cole primaire de Saint-Jude offre \u00e0 nos intervenants une exp\u00e9rience \u00e9ducative exceptionnelle, riche en apprentissage scolaire et socio-\u00e9motionnel. Saint-Jude s\u2019engage \u00e0 d\u00e9velopper des citoyens socialement responsables avec une forte \u00e9thique de travail et un d\u00e9sir de r\u00e9ussir. \u00c0 Saint-Jude, nous croyons qu\u2019un facteur majeur de r\u00e9ussite dans la soci\u00e9t\u00e9 qu\u00e9b\u00e9coise est le bilinguisme. Par cons\u00e9quent, nous offrons des cours de musique, d\u2019arts visuels et dramatiques, d\u2019\u00e9ducation physique, tous enseign\u00e9s en fran\u00e7ais. Nouveau pour 2023-2024 Saint-Jude modernisera notre programme de Fran\u00e7ais langue seconde du programme de base au programme d\u2019immersion. Le programme d\u2019immersion renforcera les comp\u00e9tences \u00e9crites des \u00e9l\u00e8ves en FLS pour augmenter leurs chances de r\u00e9ussite \u00e0 l\u2019avenir.<\/p>\n","protected":false},"excerpt":{"rendered":"<p>Qui sommes-nous Notre vision est que tous nos \u00e9l\u00e8ves apprendront mieux dans un environnement compatissant, entour\u00e9 de personnes honn\u00eates et attentionn\u00e9es qui encouragent la pers\u00e9v\u00e9rance. L\u2019\u00e9cole primaire Saint-Jude est un joyau vivant nich\u00e9 dans l\u2019agr\u00e9able quartier en bord de lac de Deux-Montagnes, o\u00f9 les \u00e9l\u00e8ves grandissent et prosp\u00e8rent. Avec un personnel compos\u00e9 d\u2019enseignants, d\u2019\u00e9ducateurs en&hellip;<\/p>\n","protected":false},"author":1,"featured_media":0,"parent":0,"menu_order":0,"comment_status":"closed","ping_status":"closed","template":"","meta":{"_acf_changed":false,"_relevanssi_hide_post":"","_relevanssi_hide_content":"","_relevanssi_pin_for_all":"","_relevanssi_pin_keywords":"","_relevanssi_unpin_keywords":"","_relevanssi_related_keywords":"","_relevanssi_related_include_ids":"","_relevanssi_related_exclude_ids":"","_relevanssi_related_no_append":"","_relevanssi_related_not_related":"","_relevanssi_related_posts":"","_relevanssi_noindex_reason":"","footnotes":""},"acf":[],"_links":{"self":[{"href":"https:\/\/saintjude.swlauriersb.qc.ca\/fr\/wp-json\/wp\/v2\/pages\/177"}],"collection":[{"href":"https:\/\/saintjude.swlauriersb.qc.ca\/fr\/wp-json\/wp\/v2\/pages"}],"about":[{"href":"https:\/\/saintjude.swlauriersb.qc.ca\/fr\/wp-json\/wp\/v2\/types\/page"}],"author":[{"embeddable":true,"href":"https:\/\/saintjude.swlauriersb.qc.ca\/fr\/wp-json\/wp\/v2\/users\/1"}],"replies":[{"embeddable":true,"href":"https:\/\/saintjude.swlauriersb.qc.ca\/fr\/wp-json\/wp\/v2\/comments?post=177"}],"version-history":[{"count":2,"href":"https:\/\/saintjude.swlauriersb.qc.ca\/fr\/wp-json\/wp\/v2\/pages\/177\/revisions"}],"predecessor-version":[{"id":333,"href":"https:\/\/saintjude.swlauriersb.qc.ca\/fr\/wp-json\/wp\/v2\/pages\/177\/revisions\/333"}],"wp:attachment":[{"href":"https:\/\/saintjude.swlauriersb.qc.ca\/fr\/wp-json\/wp\/v2\/media?parent=177"}],"curies":[{"name":"wp","href":"https:\/\/api.w.org\/{rel}","templated":true}]}}